{"id":32,"date":"2011-08-01T16:50:11","date_gmt":"2011-08-01T16:50:11","guid":{"rendered":"http:\/\/emergenciasedesastres.cfp.org.br\/?page_id=32"},"modified":"2018-03-23T12:06:20","modified_gmt":"2018-03-23T15:06:20","slug":"i-seminario","status":"publish","type":"page","link":"https:\/\/emergenciasedesastres.cfp.org.br\/?page_id=32","title":{"rendered":"I Semin\u00e1rio"},"content":{"rendered":"<p>O I Semin\u00e1rio Nacional de Psicologia das Emerg\u00eancias e dos Desastres, realizado em junho de 2006, foi promovido pelo Conselho Federal de Psicologia em parceria com o Minist\u00e9rio da Integra\u00e7\u00e3o Nacional e a Defesa Civil, com o\u00a0 tema \u201cPsicologia das Emerg\u00eancias e dos Desastres:Contribui\u00e7\u00f5es para a Constru\u00e7\u00e3o de Comunidades Mais Seguras\u201d.<\/p>\n<p>No evento, foram iniciadas discuss\u00f5es sobre a\u00a0 atua\u00e7\u00e3o da Psicologia no desenvolvimento de uma consci\u00eancia social\u00a0 em rela\u00e7\u00e3o a problemas decorrentes de enchentes e dos desastres, no que diz respeito \u00e0 preven\u00e7\u00e3o e tamb\u00e9m \u00e0 aten\u00e7\u00e3o \u00e0s v\u00edtimas em situa\u00e7\u00f5es ou emin\u00eancia de desastres.<\/p>\n<p>Al\u00e9m disso, o semin\u00e1rio tamb\u00e9m trouxe \u00e0 tona formas dos psic\u00f3logos contribu\u00edrem para evitar situa\u00e7\u00f5es de trag\u00e9dia perante cat\u00e1strofes, tanto atuando em parceria com institui\u00e7\u00f5es governamentais como dentro das pr\u00f3prias organiza\u00e7\u00f5es comunit\u00e1rias por meio de uma educa\u00e7\u00e3o ambiental mais eficiente.<\/p>\n<p>O\u00a0 encontro reuniu ainda profissionais de pa\u00edses com larga experi\u00eancia no assunto, que debateram n\u00e3o s\u00f3 a problem\u00e1tica dos desastres mas tamb\u00e9m melhores formas de atua\u00e7\u00e3o da psicologia no tema.<\/p>\n<p>Ap\u00f3s o semin\u00e1rio foi produzida uma publica\u00e7\u00e3o in\u00e9dita, que serve de base para a forma\u00e7\u00e3o de futuros profissionais, dispon\u00edvel na categoria <em>Refer\u00eancias.<\/em><\/p>\n","protected":false},"excerpt":{"rendered":"<p>O I Semin\u00e1rio Nacional de Psicologia das Emerg\u00eancias e dos Desastres, realizado em junho de 2006, foi promovido pelo Conselho Federal de Psicologia em parceria com o Minist\u00e9rio da Integra\u00e7\u00e3o Nacional e a Defesa Civil, com o\u00a0 tema \u201cPsicologia das &hellip; <a href=\"https:\/\/emergenciasedesastres.cfp.org.br\/?page_id=32\">Continue lendo <span class=\"meta-nav\">&rarr;<\/span><\/a><\/p>\n","protected":false},"author":15,"featured_media":0,"parent":0,"menu_order":0,"comment_status":"closed","ping_status":"open","template":"","meta":{"footnotes":""},"class_list":["post-32","page","type-page","status-publish","hentry"],"_links":{"self":[{"href":"https:\/\/emergenciasedesastres.cfp.org.br\/index.php?rest_route=\/wp\/v2\/pages\/32","targetHints":{"allow":["GET"]}}],"collection":[{"href":"https:\/\/emergenciasedesastres.cfp.org.br\/index.php?rest_route=\/wp\/v2\/pages"}],"about":[{"href":"https:\/\/emergenciasedesastres.cfp.org.br\/index.php?rest_route=\/wp\/v2\/types\/page"}],"author":[{"embeddable":true,"href":"https:\/\/emergenciasedesastres.cfp.org.br\/index.php?rest_route=\/wp\/v2\/users\/15"}],"replies":[{"embeddable":true,"href":"https:\/\/emergenciasedesastres.cfp.org.br\/index.php?rest_route=%2Fwp%2Fv2%2Fcomments&post=32"}],"version-history":[{"count":0,"href":"https:\/\/emergenciasedesastres.cfp.org.br\/index.php?rest_route=\/wp\/v2\/pages\/32\/revisions"}],"wp:attachment":[{"href":"https:\/\/emergenciasedesastres.cfp.org.br\/index.php?rest_route=%2Fwp%2Fv2%2Fmedia&parent=32"}],"curies":[{"name":"wp","href":"https:\/\/api.w.org\/{rel}","templated":true}]}}