{"id":28,"date":"2011-08-01T16:47:59","date_gmt":"2011-08-01T16:47:59","guid":{"rendered":"http:\/\/emergenciasedesastres.cfp.org.br\/?page_id=28"},"modified":"2018-03-23T12:06:20","modified_gmt":"2018-03-23T15:06:20","slug":"programacao","status":"publish","type":"page","link":"https:\/\/emergenciasedesastres.cfp.org.br\/?page_id=28","title":{"rendered":"Programa\u00e7\u00e3o"},"content":{"rendered":"<p><strong>23\/11<\/strong><strong> <\/strong><\/p>\n<table border=\"1\" cellspacing=\"0\" cellpadding=\"0\" width=\"595\">\n<tbody>\n<tr>\n<td width=\"57\" valign=\"top\">Hora<\/td>\n<td width=\"189\" valign=\"top\">Atividade<\/td>\n<td width=\"350\" valign=\"top\">Composi\u00e7\u00e3o<\/td>\n<\/tr>\n<tr>\n<td width=\"57\" valign=\"top\">19h<\/td>\n<td width=\"189\" valign=\"top\">Abertura Oficial<\/td>\n<td width=\"350\" valign=\"top\"><strong>Clara   Goldman<\/strong>&nbsp;<\/p>\n<p><strong>Deputado   Glauber Braga (PSB-RJ)<\/strong><\/p>\n<p><strong>Ministro   Milton Rond\u00f3 (MRE)<\/strong><\/p>\n<p><strong> <\/strong><\/td>\n<\/tr>\n<tr>\n<td width=\"57\" valign=\"top\">19h30<\/td>\n<td width=\"189\" valign=\"top\">Confer\u00eancia&nbsp;<\/p>\n<p><strong>Pol\u00edticas   Internacionais de Enfrentamento aos Desastres<\/strong><\/td>\n<td width=\"350\" valign=\"top\"><strong>Margarita Vilallobos-<\/strong> mestre em rela\u00e7\u00f5es internacionais, Oficial de Informa\u00e7\u00e3oP\u00fablica de\u00a0 Estrat\u00e9gia Internacional para a Redu\u00e7\u00e3o de Desastres (EIRD) da ONU.<\/td>\n<\/tr>\n<\/tbody>\n<\/table>\n<p><strong> <\/strong><\/p>\n<p><strong> <\/strong><\/p>\n<p><strong> <\/strong><\/p>\n<p><strong> <\/strong><\/p>\n<p><strong> <\/strong><\/p>\n<p><strong> <\/strong><\/p>\n<p><strong> <\/strong><\/p>\n<p><strong> <\/strong><\/p>\n<p><strong> <\/strong><\/p>\n<p><strong> <\/strong><\/p>\n<p><strong> <\/strong><\/p>\n<p><strong> <\/strong><\/p>\n<p><strong> <\/strong><\/p>\n<p><strong> <\/strong><\/p>\n<p><strong>24\/11<\/strong><strong> <\/strong><\/p>\n<p><strong> <\/strong><\/p>\n<table border=\"1\" cellspacing=\"0\" cellpadding=\"0\" width=\"699\">\n<tbody>\n<tr>\n<td width=\"57\" valign=\"top\">Hora<\/td>\n<td width=\"189\" valign=\"top\">Atividade<\/td>\n<td width=\"350\" valign=\"top\">Composi\u00e7\u00e3o<\/td>\n<td width=\"104\" valign=\"top\"><\/td>\n<\/tr>\n<tr>\n<td rowspan=\"3\" width=\"57\" valign=\"top\">&nbsp;<\/p>\n<p>&nbsp;<\/p>\n<p>&nbsp;<\/p>\n<p>&nbsp;<\/p>\n<p>&nbsp;<\/p>\n<p>8h30<\/td>\n<td rowspan=\"3\" width=\"189\" valign=\"top\">Mesa Redonda&nbsp;<\/p>\n<p>&nbsp;<\/p>\n<p><strong>Contribui\u00e7\u00e3o   da Psicologia\u00a0 para o enfrentamento das   emerg\u00eancias e desastres e a constru\u00e7\u00e3o de refer\u00eancias<\/strong><\/td>\n<td width=\"350\" valign=\"top\"><strong>Alexis Ruiz<\/strong>: Professor da universidade de   Havana e representante do Centro Latino-americano de Medicina dos Desastres   de <em>Cuba<\/em><\/td>\n<td width=\"104\" valign=\"top\"><\/td>\n<\/tr>\n<tr>\n<td width=\"350\" valign=\"top\"><strong>Marcos   Ferreira: <\/strong>Doutor   em Psicologia Social. Atua em psicologia organizacional, \u00e9tica profissional,   hist\u00f3ria e epistemologia da Psicologia, Psicologia do Trabalho e Psicologia   Ambiental.<\/td>\n<td width=\"104\" valign=\"top\"><strong> <\/strong><\/td>\n<\/tr>\n<tr>\n<td width=\"350\" valign=\"top\"><strong>Marcus Vinicius de Oliveira: <\/strong>Psic\u00f3logo, mestre em Sa\u00fade P\u00fablica e   Doutor em Sa\u00fade Coletiva.Professor da Universidade Federal da Bahia, onde   coordena o Laborat\u00f3rio de Estudos Vinculares e   Sa\u00fade Mental do Instituto de Psicologia<\/td>\n<td width=\"104\" valign=\"top\"><strong> <\/strong><\/td>\n<\/tr>\n<tr>\n<td rowspan=\"2\" width=\"57\" valign=\"top\">&nbsp;<\/p>\n<p>&nbsp;<\/p>\n<p>&nbsp;<\/p>\n<p>&nbsp;<\/p>\n<p>&nbsp;<\/p>\n<p>&nbsp;<\/p>\n<p>10h30<\/td>\n<td rowspan=\"2\" width=\"189\" valign=\"top\">&nbsp;<\/p>\n<p>Mesa   Redonda<\/p>\n<p><strong>Afetados   em desastres: desafios para a prote\u00e7\u00e3o aos direitos humanos<\/strong><\/p>\n<p>&nbsp;<\/td>\n<td width=\"350\" valign=\"top\"><strong>M\u00e1rio Malaquias: <\/strong>promotor de   Justi\u00e7a, coordenador da \u00e1rea de Habita\u00e7\u00e3o e Urbanismo do Centro de Apoio   C\u00edvel e de Tutela Coletiva (CAO-C\u00edvel) e de Tutela Civil do Minist\u00e9rio   P\u00fablico do Estado de S\u00e3o Paulo&nbsp;<\/p>\n<p>(substituindo   Maximiliano Rosso)<\/td>\n<td width=\"104\" valign=\"top\"><\/td>\n<\/tr>\n<tr>\n<td width=\"350\" valign=\"top\"><strong>Denise Muniz de   Tarin<\/strong> \u2013 Procurador   de Justi\u00e7a; membro eleito para o Conselho Superior do Minist\u00e9rio P\u00fablico do   Rio de Janeiro- bi\u00eanio 2010\/2012; Atuou como promotora de Justi\u00e7a do meio   ambiente em Petr\u00f3polis, por 10 anos e na 3\u00aa Promotoria do meio ambiente da   Capital, por 02 anos; Coordenadora Institucional e do Centro de Pesquisas do   Instituto do Minist\u00e9rio P\u00fablico do Rio de Janeiro<\/td>\n<td width=\"104\" valign=\"top\"><\/td>\n<\/tr>\n<tr>\n<td rowspan=\"5\" width=\"57\" valign=\"top\"><strong> <\/strong>&nbsp;<\/p>\n<p><strong> <\/strong><\/p>\n<p><strong> <\/strong><\/p>\n<p><strong> <\/strong><\/p>\n<p>13h30<\/td>\n<td rowspan=\"5\" width=\"189\" valign=\"top\"><strong> <\/strong>&nbsp;<\/p>\n<p><strong> <\/strong><\/p>\n<p><strong> <\/strong><\/p>\n<p><strong> <\/strong><\/p>\n<p>Mesa   Redonda<\/p>\n<p>&nbsp;<\/p>\n<p><strong>Pol\u00edticas   intersetoriais de enfrentamento \u00e0s emerg\u00eancias e desastres<\/strong><\/p>\n<p><strong> <\/strong><\/td>\n<td width=\"350\" valign=\"top\"><strong>Roberto Tykanori Kinoshita \u2013 <\/strong>Coordena\u00e7\u00e3o Nacional de Sa\u00fade Mental, \u00c1lcool e   Outras Drogas.<\/td>\n<td width=\"104\" valign=\"top\"><strong> <\/strong>&nbsp;<\/p>\n<p><strong> <\/strong><\/td>\n<\/tr>\n<tr>\n<td width=\"350\" valign=\"top\"><strong>Aparecida   Rodrigues da Silva<\/strong> Coordena\u00e7\u00e3o Geral de Servi\u00e7os de Acolhimento, do Departamento de Prote\u00e7\u00e3o   Social Especial\/SNAS<\/td>\n<td width=\"104\" valign=\"top\"><\/td>\n<\/tr>\n<tr>\n<td width=\"350\" valign=\"top\"><strong>Elizeu de   Oliveira Chaves \u2013 <\/strong>Representante   Auxiliar &#8211; Coop. Sul Sul da UNFPA \u2013 Fundo das Popula\u00e7\u00f5es das   Na\u00e7\u00f5es Unidas&nbsp;<\/p>\n<p><strong>Ana   Carolina Ribeiro:<\/strong> Assistente de Programa De coopera\u00e7\u00e3o (Sul-Sul)<\/td>\n<td width=\"104\" valign=\"top\"><strong> <\/strong><\/td>\n<\/tr>\n<tr>\n<td width=\"350\" valign=\"top\"><strong>Thiago Galv\u00e3o<\/strong>: Gerente de   Projetos do Departamento de Assuntos Fundi\u00e1rios Urbanos &#8211; Minist\u00e9rio das   Cidades,<\/td>\n<td width=\"104\" valign=\"top\"><strong> <\/strong><\/td>\n<\/tr>\n<tr>\n<td width=\"350\" valign=\"top\"><strong>Verena Martins   lellis; <\/strong>T\u00e9cnica   especializada com forma\u00e7\u00e3o em psicologia\u00a0SEDEC &#8211; Secretaria Nacional de   Defesa Civil \/ CENAD &#8211; Centro de Gerenciamento de Desastre<\/td>\n<td width=\"104\" valign=\"top\"><strong> <\/strong><\/td>\n<\/tr>\n<tr>\n<td rowspan=\"3\" width=\"57\" valign=\"top\">&nbsp;<\/p>\n<p>&nbsp;<\/p>\n<p>15h30<\/td>\n<td rowspan=\"3\" width=\"189\" valign=\"top\">&nbsp;<\/p>\n<p>&nbsp;<\/p>\n<p>Mesa   Redonda<\/p>\n<p>&nbsp;<\/p>\n<p><strong>A Psicologia em   Emerg\u00eancias\u00a0 e Desastres na Am\u00e9rica   Latina:Pr\u00e1ticas e Organiza\u00e7\u00e3o Pol\u00edtica<\/strong><\/td>\n<td width=\"350\" valign=\"top\"><strong>Desir\u00e9e Salazar <\/strong>Membro Fundadora da Sociedade   Peruana de Psicologia de Emerg\u00eancias e Desastres; Psic\u00f3loga Brigadista de   Emerg\u00eancias e Desastres &#8211; Intervenc\u00e3o inicial do Minist\u00e9rio da Sa\u00fade do Peru<\/td>\n<td width=\"104\" valign=\"top\"><strong> <\/strong><\/td>\n<\/tr>\n<tr>\n<td width=\"350\" valign=\"top\"><strong>Alexis Ruiz<\/strong>: Professor da universidade de   Havana e representante do Centro Latino-americano de Medicina dos Desastres   de <em>Cuba<\/em><\/td>\n<td width=\"104\" valign=\"top\"><strong> <\/strong>&nbsp;<\/p>\n<p><strong> <\/strong><\/td>\n<\/tr>\n<tr>\n<td width=\"350\" valign=\"top\"><strong>Marcos Ferreira: <\/strong>Doutor em Psicologia Social.   Atua em psicologia organizacional, \u00e9tica profissional, hist\u00f3ria e   epistemologia da Psicologia, Psicologia do Trabalho e Psicologia Ambiental<\/td>\n<td width=\"104\" valign=\"top\"><strong> <\/strong><\/td>\n<\/tr>\n<tr>\n<td width=\"57\" valign=\"top\">17h<\/td>\n<td colspan=\"3\" width=\"642\" valign=\"top\">&nbsp;<\/p>\n<p>Sess\u00f5es de Comunica\u00e7\u00f5es<\/td>\n<\/tr>\n<tr>\n<td width=\"57\" valign=\"top\">18h30<\/td>\n<td colspan=\"3\" width=\"642\" valign=\"top\">&nbsp;<\/p>\n<p>Organiza\u00e7\u00e3o das Psic\u00f3logas e Psic\u00f3logos para a   Constitui\u00e7\u00e3o de um ator social relacionada \u00e0 Psicologia em Emerg\u00eancias e   Desastres<\/td>\n<\/tr>\n<\/tbody>\n<\/table>\n<p><strong> <\/strong><\/p>\n<p><strong> <\/strong><\/p>\n<p><strong> <\/strong><\/p>\n<p><strong> <\/strong><\/p>\n<p><strong> <\/strong><\/p>\n<p><strong> <\/strong><\/p>\n<p><strong> <\/strong><\/p>\n<p><strong> <\/strong><\/p>\n<p><strong> <\/strong><\/p>\n<p><strong> <\/strong><\/p>\n<p><strong> <\/strong><\/p>\n<p><strong> <\/strong><\/p>\n<p><strong> <\/strong><\/p>\n<p><strong> <\/strong><\/p>\n<p><strong> <\/strong><\/p>\n<p><strong> <\/strong><\/p>\n<p><strong> <\/strong><\/p>\n<p><strong> <\/strong><\/p>\n<p><strong> <\/strong><\/p>\n<p><strong> <\/strong><\/p>\n<p><strong> <\/strong><\/p>\n<p><strong> <\/strong><\/p>\n<p><strong> <\/strong><\/p>\n<p><strong> <\/strong><\/p>\n<p><strong> <\/strong><\/p>\n<p><strong> <\/strong><\/p>\n<p><strong>25\/11<\/strong><strong> <\/strong><\/p>\n<p><strong> <\/strong><\/p>\n<table border=\"1\" cellspacing=\"0\" cellpadding=\"0\" width=\"586\">\n<tbody>\n<tr>\n<td width=\"57\" valign=\"top\">Hora<\/td>\n<td width=\"189\" valign=\"top\">Atividade<\/td>\n<td width=\"340\" valign=\"top\">Composi\u00e7\u00e3o<\/td>\n<\/tr>\n<tr>\n<td rowspan=\"3\" width=\"57\" valign=\"top\">&nbsp;<\/p>\n<p>&nbsp;<\/p>\n<p>&nbsp;<\/p>\n<p>&nbsp;<\/p>\n<p>&nbsp;<\/p>\n<p>&nbsp;<\/p>\n<p>&nbsp;<\/p>\n<p>&nbsp;<\/p>\n<p>8h30<\/td>\n<td rowspan=\"3\" width=\"189\" valign=\"top\">&nbsp;<\/p>\n<p>&nbsp;<\/p>\n<p>Mesa   Redonda<\/p>\n<p><strong>L\u00f3gicas   e pr\u00e1ticas s\u00f3cio-pol\u00edticas que ampliam a vulnerabilidade social<\/strong><\/p>\n<p>&nbsp;<\/td>\n<td width=\"340\" valign=\"top\"><strong>Carmen Beatriz   Fabriani<\/strong>&#8211; Pr\u00f3   Reitora de Gradua\u00e7\u00e3o da UNIFAE (Universidade de S\u00e3o Jo\u00e3o da Boa Vista, S\u00e3o   Paulo). A Dra. Fabriani \u00e9 Psic\u00f3loga e Arquiteta, tendo desenvolvido mestrado   em planejamento urbano no MIT e tese em Psicologia Socioambiental<\/td>\n<\/tr>\n<tr>\n<td width=\"340\" valign=\"top\"><strong>Henri Acselrad<\/strong> \u2013 Mestre em Economia, doutor   em Planejamento, Economia. P\u00fablica e Organiza\u00e7\u00e3o do Territ\u00f3rio. Professor do   Instituto de Pesquisa e Planejamento Urbano e Regional da Universidade   Federal do Rio de Janeiro.<\/td>\n<\/tr>\n<tr>\n<td width=\"340\" valign=\"top\"><strong>Norma Felicidade   Lopes da Silva Val\u00eancio<\/strong> &#8211; Economista, mestre em Educa\u00e7\u00e3o e doutora em Ci\u00eancias Sociais.    Professora Colaboradora da USP-S\u00e3o Carlos e Professora do   Departamento de Sociologia da UFSCar onde coordena o N\u00facleo de Estudos e   Pesquisas Sociais em Desastres (NEPED).<\/td>\n<\/tr>\n<\/tbody>\n<\/table>\n<p><strong> <\/strong><\/p>\n<table border=\"1\" cellspacing=\"0\" cellpadding=\"0\" width=\"586\">\n<tbody>\n<tr>\n<td rowspan=\"3\" width=\"57\" valign=\"top\">&nbsp;<\/p>\n<p>&nbsp;<\/p>\n<p>10h30<\/td>\n<td rowspan=\"3\" width=\"189\" valign=\"top\">&nbsp;<\/p>\n<p>&nbsp;<\/p>\n<p>&nbsp;<\/p>\n<p>&nbsp;<\/p>\n<p>Mesa   Redonda<\/p>\n<p>&nbsp;<\/p>\n<p><strong>Protagonismo   e organiza\u00e7\u00e3o comunit\u00e1rias como condi\u00e7\u00e3o para a prote\u00e7\u00e3o social efetiva<\/strong><\/td>\n<td width=\"340\" valign=\"top\"><strong>Tatiana   Reichert<\/strong> \u2013   agricultora, l\u00edder comunit\u00e1ria e presidente da Associa\u00e7\u00e3o   dos Desabrigados e Atingidos da Regi\u00e3o do Morro do Ba\u00fa\u2013 Santa Catarina<\/td>\n<\/tr>\n<tr>\n<td width=\"340\" valign=\"top\"><strong>Maria In\u00eas Guedes   Santana<\/strong> \u2013 Associa\u00e7\u00e3o de Moradores\u00a0 da Vila das Aeromo\u00e7as&nbsp;<\/p>\n<p><strong>Eliane Maria da   Silva<\/strong> \u2013 Associa\u00e7\u00e3o de Moradores\u00a0 da Vila das Aeromo\u00e7as<strong> <\/strong><\/td>\n<\/tr>\n<tr>\n<td width=\"340\" valign=\"top\"><strong>Bruno Nascimento: <\/strong>assessor de   \u00f3rg\u00e3os p\u00fablicos municipais do legislativo e executivo em Petr\u00f3polis, \u00e9   consultor ambiental pela FUNIBER &#8211; Funda\u00e7\u00e3o Universit\u00e1ria   Iberoamericana.\u00a0Dirigente\u00a0de organiza\u00e7\u00f5es n\u00e3o-governamentais atua   em desenvolvimento social, econ\u00f4mico, urbano, pol\u00edtico e ambiental. Formado   como t\u00e9cnico em qu\u00edmica, especializou-se em gest\u00e3o de infra-estrutura urbana.<\/td>\n<\/tr>\n<tr>\n<td rowspan=\"4\" width=\"57\" valign=\"top\">&nbsp;<\/p>\n<p>&nbsp;<\/p>\n<p>&nbsp;<\/p>\n<p>&nbsp;<\/p>\n<p>&nbsp;<\/p>\n<p>&nbsp;<\/p>\n<p>&nbsp;<\/p>\n<p>&nbsp;<\/p>\n<p>13h30<\/td>\n<td rowspan=\"4\" width=\"189\" valign=\"top\">Mesa   Redonda&nbsp;<\/p>\n<p><strong>Pr\u00e1ticas   Psicol\u00f3gicas no Enfrentamento das Emerg\u00eancias e Desastres<\/strong><\/td>\n<td width=\"340\" valign=\"top\"><strong>Samira Younes   Ibrahim<\/strong> \u2013   Psic\u00f3loga , p\u00f3s-graduada em Psicologia M\u00e9dica, \u00c9 professora do curso de P\u00f3s-Gradua\u00e7\u00e3o   de Enfermagem em Nefrologia da Universidade Gama Filho \u2013 RJ e SP.<\/td>\n<\/tr>\n<tr>\n<td width=\"340\" valign=\"top\"><strong>Maria Carolina da   Silveira <\/strong>\u2013   Psic\u00f3loga, especialista em Pr\u00e1ticas Sociais.    Professora da Unochapec\u00f3.\u00a0   Coordena o\u00a0 GT de Psicologia nas   Emerg\u00eancias e Desastres\u00a0 do CRP-12<\/td>\n<\/tr>\n<tr>\n<td width=\"340\" valign=\"top\"><strong>Annie Louise Saboya Prado<\/strong> \u2013 coordenadora do CRAS em Suzano-SP, onde acompanha   interven\u00e7\u00f5es intersetoriais em \u00e1reas de risco circunscritas. Comp\u00f5e o GT\u00a0 emerg\u00eancias e desastres do CRP-06<strong> <\/strong><\/td>\n<\/tr>\n<tr>\n<td width=\"340\" valign=\"top\"><strong>Maria-Clara   Mendes de Sousa<\/strong>:   Psic\u00f3loga da Coordenadoria de Defesa Civil do Recife &#8211;   CODECIR<\/td>\n<\/tr>\n<\/tbody>\n<\/table>\n<p><strong> <\/strong><\/p>\n<p><strong> <\/strong><\/p>\n<p><strong> <\/strong><\/p>\n<p><strong> <\/strong><\/p>\n<p><strong> <\/strong><\/p>\n<p><strong>25\/11<\/strong><strong> <\/strong><\/p>\n<table border=\"1\" cellspacing=\"0\" cellpadding=\"0\" width=\"586\">\n<tbody>\n<tr>\n<td colspan=\"2\" width=\"57\" valign=\"top\">Hora<\/td>\n<td width=\"184\" valign=\"top\">Atividade<\/td>\n<td width=\"345\" valign=\"top\"><strong>Composi\u00e7\u00e3o<\/strong><\/td>\n<\/tr>\n<tr>\n<td colspan=\"2\" rowspan=\"3\" width=\"57\" valign=\"top\">&nbsp;<\/p>\n<p>&nbsp;<\/p>\n<p>&nbsp;<\/p>\n<p>&nbsp;<\/p>\n<p>15h30<\/td>\n<td rowspan=\"3\" width=\"184\" valign=\"top\">Mesa&nbsp;<\/p>\n<p><strong>Tecnologia, meio   ambiente, sustentabilidade e organiza\u00e7\u00e3o social no enfrentamento de   emerg\u00eancias e desastres<\/strong><\/td>\n<td width=\"345\" valign=\"top\"><strong>Nancy   Campos <\/strong>Graduada   em Direito (1981), DEA em Sciences de L\u00b4Education &#8211; Universit\u00e9 Ren\u00e9   Descartes, Paris V, Sorbonne (1998), mestrado em Sociologia pela Universidade   de Bras\u00edlia (1995) e doutorado em Hist\u00f3ria pela Universidade de Bras\u00edlia   (2008). \u00c9 gestora especializada em pol\u00edtica e planejamento de Ci\u00eancia e   Tecnologia, com larga experi\u00eancia em implanta\u00e7\u00e3o e gest\u00e3o de programas e   projetos no Conselho Nacional de Desenvolvimento Cient\u00edfico e Tecnol\u00f3gico   (CNPq). Historiadora, pesquisadora e professora, com pesquisas em hist\u00f3ria da   pol\u00edtica de C&amp;T no Brasil, hist\u00f3ria oral e leitura de imagens, atualmente   \u00e9 Assessora do Centro Nacional de Monitoramento e Alertas de Desastres   Naturais (CEMADEN) vinculado \u00e0 SEPED, Minist\u00e9rio da Ci\u00eancia Tecnologia e   Inova\u00e7\u00e3o (MCTI<strong> <\/strong><\/td>\n<\/tr>\n<tr>\n<td width=\"345\" valign=\"top\"><strong>Yara   Valverde Pagani: <\/strong>Bi\u00f3loga,<strong> <\/strong>doutora em Ci\u00eancias\u00a0 ambientais. Especialista em Bioci\u00eancias   Nucleares. Instituto\u00a0 de Pesquisas   jardim Bot\u00e2nico do Rio de Janeiro<\/td>\n<\/tr>\n<tr>\n<td width=\"345\" valign=\"top\"><strong>Eduardo   Soares Macedo \u2013 <\/strong>ge\u00f3logo, Diretor   do Centro de Tecnologias Ambientais e Energ\u00e9ticas do<strong> <\/strong><em>IPT<\/em> &#8211; Instituto de Pesquisas   Tecnol\u00f3gicas<strong> <\/strong><\/td>\n<\/tr>\n<tr>\n<td rowspan=\"3\" width=\"56\" valign=\"top\"><strong> <\/strong>&nbsp;<\/p>\n<p><strong> <\/strong><\/p>\n<p><strong> <\/strong><\/p>\n<p><strong> <\/strong><\/p>\n<p><strong> <\/strong><\/p>\n<p><strong> <\/strong><\/p>\n<p><strong> <\/strong><\/p>\n<p>17h<\/td>\n<td colspan=\"2\" rowspan=\"3\" width=\"185\" valign=\"top\">&nbsp;<\/p>\n<p>&nbsp;<\/p>\n<p>&nbsp;<\/p>\n<p>Mesa   redonda<\/p>\n<p><strong>Organiza\u00e7\u00e3o da   Sociedade civil no enfrentamento de emerg\u00eancias e desastres<\/strong><\/td>\n<td width=\"345\" valign=\"top\"><em>Jos\u00e9 Magalh\u00e3es<\/em> <strong>de Souza<\/strong> \u2013 comp\u00f5e a equipe de assessoria do setor de emerg\u00eancia da <em>C\u00e1ritas Brasileira<\/em>,   membro do Conselho Nacional de Defesa Civil e do F\u00f3rum de Mudan\u00e7as Clim\u00e1ticas<\/td>\n<\/tr>\n<tr>\n<td width=\"345\" valign=\"top\"><strong>Clara Goldman<\/strong> \u2013 Conselheira vice-presidente   do Conselho Federal de Psicologia, respons\u00e1vel pelo tema de emerg\u00eancias e   desastres<em> <\/em><\/td>\n<\/tr>\n<tr>\n<td width=\"345\" valign=\"top\"><strong>Wanderley Gomes   da Silva<\/strong> &#8211; Diretor de Comunica\u00e7\u00e3o da Confedera\u00e7\u00e3o   Nacional das Associa\u00e7\u00f5es dos Moradores \u2013 CONAM, \u00e9 membro do F\u00f3rum S\u00e3o Paulo   pelo direito \u00e0 cidade,\u00a0 e do Conselho   do Instituto Nacional do Meio Ambiente \u2013 INMA<\/td>\n<\/tr>\n<tr>\n<td width=\"56\" valign=\"top\">18h30<\/td>\n<td colspan=\"3\" width=\"530\">Encerramento<\/td>\n<\/tr>\n<tr>\n<td width=\"56\"><\/td>\n<td width=\"1\"><\/td>\n<td width=\"184\"><\/td>\n<td width=\"345\"><\/td>\n<\/tr>\n<\/tbody>\n<\/table>\n<p><strong> <\/strong><\/p>\n","protected":false},"excerpt":{"rendered":"<p>23\/11 Hora Atividade Composi\u00e7\u00e3o 19h Abertura Oficial Clara Goldman&nbsp; Deputado Glauber Braga (PSB-RJ) Ministro Milton Rond\u00f3 (MRE) 19h30 Confer\u00eancia&nbsp; Pol\u00edticas Internacionais de Enfrentamento aos Desastres Margarita Vilallobos- mestre em rela\u00e7\u00f5es internacionais, Oficial de Informa\u00e7\u00e3oP\u00fablica de\u00a0 Estrat\u00e9gia Internacional para a Redu\u00e7\u00e3o &hellip; <a href=\"https:\/\/emergenciasedesastres.cfp.org.br\/?page_id=28\">Continue lendo <span class=\"meta-nav\">&rarr;<\/span><\/a><\/p>\n","protected":false},"author":15,"featured_media":0,"parent":0,"menu_order":0,"comment_status":"closed","ping_status":"open","template":"","meta":{"footnotes":""},"class_list":["post-28","page","type-page","status-publish","hentry"],"_links":{"self":[{"href":"https:\/\/emergenciasedesastres.cfp.org.br\/index.php?rest_route=\/wp\/v2\/pages\/28","targetHints":{"allow":["GET"]}}],"collection":[{"href":"https:\/\/emergenciasedesastres.cfp.org.br\/index.php?rest_route=\/wp\/v2\/pages"}],"about":[{"href":"https:\/\/emergenciasedesastres.cfp.org.br\/index.php?rest_route=\/wp\/v2\/types\/page"}],"author":[{"embeddable":true,"href":"https:\/\/emergenciasedesastres.cfp.org.br\/index.php?rest_route=\/wp\/v2\/users\/15"}],"replies":[{"embeddable":true,"href":"https:\/\/emergenciasedesastres.cfp.org.br\/index.php?rest_route=%2Fwp%2Fv2%2Fcomments&post=28"}],"version-history":[{"count":0,"href":"https:\/\/emergenciasedesastres.cfp.org.br\/index.php?rest_route=\/wp\/v2\/pages\/28\/revisions"}],"wp:attachment":[{"href":"https:\/\/emergenciasedesastres.cfp.org.br\/index.php?rest_route=%2Fwp%2Fv2%2Fmedia&parent=28"}],"curies":[{"name":"wp","href":"https:\/\/api.w.org\/{rel}","templated":true}]}}